{"id":4191,"date":"2015-09-23T12:07:31","date_gmt":"2015-09-23T12:07:31","guid":{"rendered":"https:\/\/estudioromanelli.es\/?page_id=4191&#038;lang=ca"},"modified":"2021-02-05T10:47:46","modified_gmt":"2021-02-05T10:47:46","slug":"parquet-junckers","status":"publish","type":"page","link":"https:\/\/estudioromanelli.es\/ca\/parquet-junckers","title":{"rendered":"Parquet junckers"},"content":{"rendered":"\n<style type=\"text\/css\" data-created_by=\"avia_inline_auto\" id=\"style-css-av-av_one_full-352b07ef7d3bc99b2e9f92e7a9e06bdb\">\n.flex_column.av-av_one_full-352b07ef7d3bc99b2e9f92e7a9e06bdb{\nborder-radius:0px 0px 0px 0px;\npadding:0px 0px 0px 0px;\n}\n<\/style>\n<div  class='flex_column av-av_one_full-352b07ef7d3bc99b2e9f92e7a9e06bdb av_one_full  avia-builder-el-0  avia-builder-el-no-sibling  first flex_column_div av-zero-column-padding  '     ><p>\n<style type=\"text\/css\" data-created_by=\"avia_inline_auto\" id=\"style-css-av-av_heading-5c255475c99ed0fdf25df0b1f1267061\">\n#top .av-special-heading.av-av_heading-5c255475c99ed0fdf25df0b1f1267061{\npadding-bottom:10px;\ncolor:#ffffff;\n}\nbody .av-special-heading.av-av_heading-5c255475c99ed0fdf25df0b1f1267061 .av-special-heading-tag .heading-char{\nfont-size:25px;\n}\n.av-special-heading.av-av_heading-5c255475c99ed0fdf25df0b1f1267061 .special-heading-inner-border{\nborder-color:#ffffff;\n}\n.av-special-heading.av-av_heading-5c255475c99ed0fdf25df0b1f1267061 .av-subheading{\nfont-size:15px;\n}\n<\/style>\n<div  class='av-special-heading av-av_heading-5c255475c99ed0fdf25df0b1f1267061 av-special-heading-h2 custom-color-heading blockquote modern-quote modern-centered  avia-builder-el-1  el_before_av_textblock  avia-builder-el-first '><h2 class='av-special-heading-tag '  itemprop=\"headline\"  >PARQUET JUNCKERS<\/h2><div class=\"special-heading-border\"><div class=\"special-heading-inner-border\"><\/div><\/div><\/div><br \/>\n<section  class='av_textblock_section av-av_textblock-0366cc7376be6c9e82a3e9cc8987b64f '   itemscope=\"itemscope\" itemtype=\"https:\/\/schema.org\/CreativeWork\" ><div class='avia_textblock'  itemprop=\"text\" ><p><img decoding=\"async\" class=\"aligncenter\" style=\"padding-top: 20px;\" src=\"https:\/\/estudioromanelli.es\/wp-content\/uploads\/2015\/07\/JUNCKERS.jpg\" alt=\"Junckers\" width=\"800\" height=\"301\" \/><\/p>\n<\/div><\/section><br \/>\n<section  class='av_textblock_section av-av_textblock-0366cc7376be6c9e82a3e9cc8987b64f '   itemscope=\"itemscope\" itemtype=\"https:\/\/schema.org\/CreativeWork\" ><div class='avia_textblock'  itemprop=\"text\" ><p>Els parquets <strong>Junckers<\/strong> s\u00f3n s\u00f2ls \u00fanics de fusta massissa i no hi ha dos s\u00f2ls iguals. Quan entrem en una habitaci\u00f3 el s\u00f2l \u00e9s el primer que atrau la nostra atenci\u00f3 i defineix l&#8217;ambient de l&#8217;estada determinant les bases per a la decoraci\u00f3 de la resta dels elements del projecte. El parquet \u00e9s el primer moble d&#8217;una estada.<\/p>\n<p><strong>Junckers<\/strong> \u00e9s una empresa ubicada a Dinamarca i \u00e9s una de les grans marques en el sector de la fusta a nivell europeu i mundial a m\u00e9s de ser el major fabricant de s\u00f2ls de fusta massissa. L&#8217;objectiu principal de l&#8217;empresa \u00e9s produir materials d&#8217;alta qualitat basant-se en l&#8217;experi\u00e8ncia acumulada al llarg de gaireb\u00e9 100 anys de treball ia trav\u00e9s d&#8217;una estreta col\u00b7laboraci\u00f3 amb arquitectes, interioristes, constructors i professionals del sector de la construcci\u00f3. <strong>Junckers<\/strong> \u00e9s una empresa l\u00edder en fabricaci\u00f3 i subministrament de tarimes massisses especialment concebudes per a projectes d&#8217;arquitectura, interiorisme i instal\u00b7lacions esportives.<\/p>\n<p>Els parquet <strong>Junckers<\/strong> es produeixen en una multitud de dissenys i tipus de fusta, a m\u00e9s triant aquestes tarimes massisses el client final gaudir\u00e0 d&#8217;un s\u00f2l d&#8217;alta qualitat, atemporal, funcional i dissenyat per resistir al desgast i per durar al llarg dels anys.<\/p>\n<p>Junckers ofereix una \u00e0mplia selecci\u00f3 de fustes, des de la fusta en tonalitats daurades com el Fresno fins a altres fustes m\u00e9s exclusives i ex\u00f2tiques amb la Jatoba o el Merbau. Tots els s\u00f2ls <strong>Junckers<\/strong> s\u00f3n totalment naturals, c\u00e0lids i tenen identitat pr\u00f2pia.<\/p>\n<p>Tots els parquet <strong>Junckers<\/strong> tenen una cura f\u00e0cil i un manteniment molt pr\u00e0ctic. La marca posa a disposici\u00f3 de l&#8217;usuari tamb\u00e9 netejadors propis a m\u00e9s de vernissos, oli i tot tipus d&#8217;accessoris. Seguint les instruccions de neteja i manteniment la tarima massissa durar\u00e0 tota una vida.<\/p>\n<p><span class=\"decolor\">&gt;<strong><a class=\"decolor\"> href=&#8221;https:\/\/estudioromanelli.es\/cacontacte\/&#8221;&gt;Contacti amb nosaltres i els ajudarem a triar un s\u00f2l \u00fanic i d&#8217;alta qualitat<\/a><\/strong><\/span><\/p>\n<\/div><\/section><br \/>\n\n<style type=\"text\/css\" data-created_by=\"avia_inline_auto\" id=\"style-css-av-av_image-8e9a8211a60244e2a321bd09c62c0cdf\">\n.avia-image-container.av-av_image-8e9a8211a60244e2a321bd09c62c0cdf img.avia_image{\nbox-shadow:none;\n}\n.avia-image-container.av-av_image-8e9a8211a60244e2a321bd09c62c0cdf .av-image-caption-overlay-center{\ncolor:#ffffff;\n}\n<\/style>\n<div  class='avia-image-container av-av_image-8e9a8211a60244e2a321bd09c62c0cdf av-styling- avia-align-center  avia-builder-el-4  el_after_av_textblock  avia-builder-el-last '   itemprop=\"image\" itemscope=\"itemscope\" itemtype=\"https:\/\/schema.org\/ImageObject\" ><div class=\"avia-image-container-inner\"><div class=\"avia-image-overlay-wrap\"><img decoding=\"async\" fetchpriority=\"high\" class='wp-image-3435 avia-img-lazy-loading-not-3435 avia_image ' src=\"https:\/\/estudioromanelli.es\/wp-content\/uploads\/2013\/03\/JUNCKERS2.jpg\" alt='' title='Junckers2'  height=\"318\" width=\"800\"  itemprop=\"thumbnailUrl\" srcset=\"https:\/\/estudioromanelli.es\/wp-content\/uploads\/2013\/03\/JUNCKERS2.jpg 800w, https:\/\/estudioromanelli.es\/wp-content\/uploads\/2013\/03\/JUNCKERS2-300x119.jpg 300w, https:\/\/estudioromanelli.es\/wp-content\/uploads\/2013\/03\/JUNCKERS2-705x280.jpg 705w, https:\/\/estudioromanelli.es\/wp-content\/uploads\/2013\/03\/JUNCKERS2-450x179.jpg 450w\" sizes=\"(max-width: 800px) 100vw, 800px\" \/><\/div><\/div><\/div><\/p><\/div>\n","protected":false},"excerpt":{"rendered":"","protected":false},"author":1,"featured_media":0,"parent":0,"menu_order":0,"comment_status":"closed","ping_status":"closed","template":"","meta":{"footnotes":""},"categories":[],"tags":[],"class_list":["post-4191","page","type-page","status-publish","hentry"],"yoast_head":"<!-- This site is optimized with the Yoast SEO plugin v26.8 - https:\/\/yoast.com\/product\/yoast-seo-wordpress\/ -->\n<title>Parquet Junckers<\/title>\n<meta name=\"description\" content=\"A Estudio Romanelli som distribu\u00efdors oficials de terres de Parquet Junckers, un dels majors fabricants europeus de s\u00f2ls de fusta. Descobreixi m\u00e9s al nostre web.\" \/>\n<meta name=\"robots\" content=\"index, follow, max-snippet:-1, max-image-preview:large, max-video-preview:-1\" \/>\n<link rel=\"canonical\" href=\"https:\/\/estudioromanelli.es\/ca\/parquet-junckers\" \/>\n<meta property=\"og:locale\" content=\"ca_ES\" \/>\n<meta property=\"og:type\" content=\"article\" \/>\n<meta property=\"og:title\" content=\"Parquet Junckers\" \/>\n<meta property=\"og:description\" content=\"A Estudio Romanelli som distribu\u00efdors oficials de terres de Parquet Junckers, un dels majors fabricants europeus de s\u00f2ls de fusta. Descobreixi m\u00e9s al nostre web.\" \/>\n<meta property=\"og:url\" content=\"https:\/\/estudioromanelli.es\/ca\/parquet-junckers\" \/>\n<meta property=\"og:site_name\" content=\"Estudi d&#039;Interiorisme i Arquitectura a Barcelona\" \/>\n<meta property=\"article:modified_time\" content=\"2021-02-05T10:47:46+00:00\" \/>\n<meta property=\"og:image\" content=\"https:\/\/estudioromanelli.es\/wp-content\/uploads\/2015\/07\/JUNCKERS.jpg\" \/>\n<meta name=\"twitter:card\" content=\"summary_large_image\" \/>\n<meta name=\"twitter:label1\" content=\"Est. reading time\" \/>\n\t<meta name=\"twitter:data1\" content=\"2 minutes\" \/>\n<script type=\"application\/ld+json\" class=\"yoast-schema-graph\">{\"@context\":\"https:\/\/schema.org\",\"@graph\":[{\"@type\":\"WebPage\",\"@id\":\"https:\/\/estudioromanelli.es\/ca\/parquet-junckers\",\"url\":\"https:\/\/estudioromanelli.es\/ca\/parquet-junckers\",\"name\":\"Parquet Junckers\",\"isPartOf\":{\"@id\":\"https:\/\/estudioromanelli.es\/ca#website\"},\"primaryImageOfPage\":{\"@id\":\"https:\/\/estudioromanelli.es\/ca\/parquet-junckers#primaryimage\"},\"image\":{\"@id\":\"https:\/\/estudioromanelli.es\/ca\/parquet-junckers#primaryimage\"},\"thumbnailUrl\":\"https:\/\/estudioromanelli.es\/wp-content\/uploads\/2015\/07\/JUNCKERS.jpg\",\"datePublished\":\"2015-09-23T12:07:31+00:00\",\"dateModified\":\"2021-02-05T10:47:46+00:00\",\"description\":\"A Estudio Romanelli som distribu\u00efdors oficials de terres de Parquet Junckers, un dels majors fabricants europeus de s\u00f2ls de fusta. Descobreixi m\u00e9s al nostre web.\",\"breadcrumb\":{\"@id\":\"https:\/\/estudioromanelli.es\/ca\/parquet-junckers#breadcrumb\"},\"inLanguage\":\"ca-ES\",\"potentialAction\":[{\"@type\":\"ReadAction\",\"target\":[\"https:\/\/estudioromanelli.es\/ca\/parquet-junckers\"]}]},{\"@type\":\"ImageObject\",\"inLanguage\":\"ca-ES\",\"@id\":\"https:\/\/estudioromanelli.es\/ca\/parquet-junckers#primaryimage\",\"url\":\"https:\/\/estudioromanelli.es\/wp-content\/uploads\/2015\/07\/JUNCKERS.jpg\",\"contentUrl\":\"https:\/\/estudioromanelli.es\/wp-content\/uploads\/2015\/07\/JUNCKERS.jpg\"},{\"@type\":\"BreadcrumbList\",\"@id\":\"https:\/\/estudioromanelli.es\/ca\/parquet-junckers#breadcrumb\",\"itemListElement\":[{\"@type\":\"ListItem\",\"position\":1,\"name\":\"LF24\",\"item\":\"https:\/\/estudioromanelli.es\/ca\/home\"},{\"@type\":\"ListItem\",\"position\":2,\"name\":\"PARQUET JUNCKERS\"}]},{\"@type\":\"WebSite\",\"@id\":\"https:\/\/estudioromanelli.es\/ca#website\",\"url\":\"https:\/\/estudioromanelli.es\/ca\",\"name\":\"Estudi d&#039;Interiorisme i Arquitectura a Barcelona\",\"description\":\"Estudio Romanelli\",\"potentialAction\":[{\"@type\":\"SearchAction\",\"target\":{\"@type\":\"EntryPoint\",\"urlTemplate\":\"https:\/\/estudioromanelli.es\/ca?s={search_term_string}\"},\"query-input\":{\"@type\":\"PropertyValueSpecification\",\"valueRequired\":true,\"valueName\":\"search_term_string\"}}],\"inLanguage\":\"ca-ES\"}]}<\/script>\n<!-- \/ Yoast SEO plugin. -->","yoast_head_json":{"title":"Parquet Junckers","description":"A Estudio Romanelli som distribu\u00efdors oficials de terres de Parquet Junckers, un dels majors fabricants europeus de s\u00f2ls de fusta. Descobreixi m\u00e9s al nostre web.","robots":{"index":"index","follow":"follow","max-snippet":"max-snippet:-1","max-image-preview":"max-image-preview:large","max-video-preview":"max-video-preview:-1"},"canonical":"https:\/\/estudioromanelli.es\/ca\/parquet-junckers","og_locale":"ca_ES","og_type":"article","og_title":"Parquet Junckers","og_description":"A Estudio Romanelli som distribu\u00efdors oficials de terres de Parquet Junckers, un dels majors fabricants europeus de s\u00f2ls de fusta. Descobreixi m\u00e9s al nostre web.","og_url":"https:\/\/estudioromanelli.es\/ca\/parquet-junckers","og_site_name":"Estudi d&#039;Interiorisme i Arquitectura a Barcelona","article_modified_time":"2021-02-05T10:47:46+00:00","og_image":[{"url":"https:\/\/estudioromanelli.es\/wp-content\/uploads\/2015\/07\/JUNCKERS.jpg","type":"","width":"","height":""}],"twitter_card":"summary_large_image","twitter_misc":{"Est. reading time":"2 minutes"},"schema":{"@context":"https:\/\/schema.org","@graph":[{"@type":"WebPage","@id":"https:\/\/estudioromanelli.es\/ca\/parquet-junckers","url":"https:\/\/estudioromanelli.es\/ca\/parquet-junckers","name":"Parquet Junckers","isPartOf":{"@id":"https:\/\/estudioromanelli.es\/ca#website"},"primaryImageOfPage":{"@id":"https:\/\/estudioromanelli.es\/ca\/parquet-junckers#primaryimage"},"image":{"@id":"https:\/\/estudioromanelli.es\/ca\/parquet-junckers#primaryimage"},"thumbnailUrl":"https:\/\/estudioromanelli.es\/wp-content\/uploads\/2015\/07\/JUNCKERS.jpg","datePublished":"2015-09-23T12:07:31+00:00","dateModified":"2021-02-05T10:47:46+00:00","description":"A Estudio Romanelli som distribu\u00efdors oficials de terres de Parquet Junckers, un dels majors fabricants europeus de s\u00f2ls de fusta. Descobreixi m\u00e9s al nostre web.","breadcrumb":{"@id":"https:\/\/estudioromanelli.es\/ca\/parquet-junckers#breadcrumb"},"inLanguage":"ca-ES","potentialAction":[{"@type":"ReadAction","target":["https:\/\/estudioromanelli.es\/ca\/parquet-junckers"]}]},{"@type":"ImageObject","inLanguage":"ca-ES","@id":"https:\/\/estudioromanelli.es\/ca\/parquet-junckers#primaryimage","url":"https:\/\/estudioromanelli.es\/wp-content\/uploads\/2015\/07\/JUNCKERS.jpg","contentUrl":"https:\/\/estudioromanelli.es\/wp-content\/uploads\/2015\/07\/JUNCKERS.jpg"},{"@type":"BreadcrumbList","@id":"https:\/\/estudioromanelli.es\/ca\/parquet-junckers#breadcrumb","itemListElement":[{"@type":"ListItem","position":1,"name":"LF24","item":"https:\/\/estudioromanelli.es\/ca\/home"},{"@type":"ListItem","position":2,"name":"PARQUET JUNCKERS"}]},{"@type":"WebSite","@id":"https:\/\/estudioromanelli.es\/ca#website","url":"https:\/\/estudioromanelli.es\/ca","name":"Estudi d&#039;Interiorisme i Arquitectura a Barcelona","description":"Estudio Romanelli","potentialAction":[{"@type":"SearchAction","target":{"@type":"EntryPoint","urlTemplate":"https:\/\/estudioromanelli.es\/ca?s={search_term_string}"},"query-input":{"@type":"PropertyValueSpecification","valueRequired":true,"valueName":"search_term_string"}}],"inLanguage":"ca-ES"}]}},"_links":{"self":[{"href":"https:\/\/estudioromanelli.es\/ca\/wp-json\/wp\/v2\/pages\/4191","targetHints":{"allow":["GET"]}}],"collection":[{"href":"https:\/\/estudioromanelli.es\/ca\/wp-json\/wp\/v2\/pages"}],"about":[{"href":"https:\/\/estudioromanelli.es\/ca\/wp-json\/wp\/v2\/types\/page"}],"author":[{"embeddable":true,"href":"https:\/\/estudioromanelli.es\/ca\/wp-json\/wp\/v2\/users\/1"}],"replies":[{"embeddable":true,"href":"https:\/\/estudioromanelli.es\/ca\/wp-json\/wp\/v2\/comments?post=4191"}],"version-history":[{"count":0,"href":"https:\/\/estudioromanelli.es\/ca\/wp-json\/wp\/v2\/pages\/4191\/revisions"}],"wp:attachment":[{"href":"https:\/\/estudioromanelli.es\/ca\/wp-json\/wp\/v2\/media?parent=4191"}],"wp:term":[{"taxonomy":"category","embeddable":true,"href":"https:\/\/estudioromanelli.es\/ca\/wp-json\/wp\/v2\/categories?post=4191"},{"taxonomy":"post_tag","embeddable":true,"href":"https:\/\/estudioromanelli.es\/ca\/wp-json\/wp\/v2\/tags?post=4191"}],"curies":[{"name":"wp","href":"https:\/\/api.w.org\/{rel}","templated":true}]}}