{"id":4145,"date":"2015-09-23T11:56:30","date_gmt":"2015-09-23T11:56:30","guid":{"rendered":"https:\/\/estudioromanelli.es\/?page_id=4145&#038;lang=ca"},"modified":"2021-09-28T08:30:52","modified_gmt":"2021-09-28T08:30:52","slug":"banys","status":"publish","type":"page","link":"https:\/\/estudioromanelli.es\/ca\/banys","title":{"rendered":"Banys"},"content":{"rendered":"\n<style type=\"text\/css\" data-created_by=\"avia_inline_auto\" id=\"style-css-av-d4pmdd-3d9efe6003d432dd92b9307328944907\">\n.flex_column.av-d4pmdd-3d9efe6003d432dd92b9307328944907{\nborder-radius:0px 0px 0px 0px;\npadding:0px 0px 0px 0px;\n}\n<\/style>\n<div  class='flex_column av-d4pmdd-3d9efe6003d432dd92b9307328944907 av_one_full  avia-builder-el-0  el_before_av_one_full  avia-builder-el-first  first flex_column_div av-zero-column-padding  '     ><p>\n<style type=\"text\/css\" data-created_by=\"avia_inline_auto\" id=\"style-css-av-ahdwpd-3a38a561ba795a8910ebff3e0e524d71\">\n#top .av-special-heading.av-ahdwpd-3a38a561ba795a8910ebff3e0e524d71{\npadding-bottom:10px;\ncolor:#ffffff;\n}\nbody .av-special-heading.av-ahdwpd-3a38a561ba795a8910ebff3e0e524d71 .av-special-heading-tag .heading-char{\nfont-size:25px;\n}\n.av-special-heading.av-ahdwpd-3a38a561ba795a8910ebff3e0e524d71 .special-heading-inner-border{\nborder-color:#ffffff;\n}\n.av-special-heading.av-ahdwpd-3a38a561ba795a8910ebff3e0e524d71 .av-subheading{\nfont-size:15px;\n}\n<\/style>\n<div  id=\"Reformes-de-banys\"  class='av-special-heading av-ahdwpd-3a38a561ba795a8910ebff3e0e524d71 av-special-heading-h2 custom-color-heading blockquote modern-quote modern-centered  avia-builder-el-1  el_before_av_textblock  avia-builder-el-first '><h2 class='av-special-heading-tag '  itemprop=\"headline\"  >BANYS<\/h2><div class=\"special-heading-border\"><div class=\"special-heading-inner-border\"><\/div><\/div><\/div><br \/>\n<section  class='av_textblock_section av-887gdd-2811cd4d2b0d0ac8f7e2bb76cebc4ff3 '   itemscope=\"itemscope\" itemtype=\"https:\/\/schema.org\/CreativeWork\" ><div class='avia_textblock'  itemprop=\"text\" ><p>A\u00a0Estudio Romanelli projectem <strong>banys de qualitat<\/strong> i ens adaptem a l&#8217;estil de cada client: banys moderns o cl\u00e0ssics, banys r\u00fastics o vintage, esculli el seu propi <span class=\"enlaces-subrayado-color\"><strong><a class=\"enlaces-subrayado-color\" href=\"https:\/\/estudioromanelli.es\/caestudi\/estils\/\">estil<\/a><\/strong><\/span> i desenvoluparem un disseny personalitzat i a mida del seu espai.<\/p>\n<p>Ens adaptem a les seves necessitats i pressupost, sempre amb la garantia i professionalitat que ens distingeix.<\/p>\n<p><span style=\"color: #ffffff;\">.<\/span><\/p>\n<\/div><\/section><br \/>\n\n<style type=\"text\/css\" data-created_by=\"avia_inline_auto\" id=\"style-css-av-5jbl3l-939dde2d2cebbfeee3154dc2974d5f6e\">\n.avia-image-container.av-5jbl3l-939dde2d2cebbfeee3154dc2974d5f6e img.avia_image{\nbox-shadow:none;\n}\n.avia-image-container.av-5jbl3l-939dde2d2cebbfeee3154dc2974d5f6e .av-image-caption-overlay-center{\ncolor:#ffffff;\n}\n<\/style>\n<div  class='avia-image-container av-5jbl3l-939dde2d2cebbfeee3154dc2974d5f6e av-styling- avia-align-center  avia-builder-el-3  el_after_av_textblock  el_before_av_heading '   itemprop=\"image\" itemscope=\"itemscope\" itemtype=\"https:\/\/schema.org\/ImageObject\" ><div class=\"avia-image-container-inner\"><div class=\"avia-image-overlay-wrap\"><img decoding=\"async\" fetchpriority=\"high\" class='wp-image-14097 avia-img-lazy-loading-not-14097 avia_image ' src=\"https:\/\/estudioromanelli.es\/wp-content\/uploads\/2015\/07\/4.jpg\" alt='Reformes de banys a Barcelona' title='Reformes de banys a Barcelona'  height=\"200\" width=\"1434\"  itemprop=\"thumbnailUrl\" srcset=\"https:\/\/estudioromanelli.es\/wp-content\/uploads\/2015\/07\/4.jpg 1434w, https:\/\/estudioromanelli.es\/wp-content\/uploads\/2015\/07\/4-300x42.jpg 300w, https:\/\/estudioromanelli.es\/wp-content\/uploads\/2015\/07\/4-1030x144.jpg 1030w, https:\/\/estudioromanelli.es\/wp-content\/uploads\/2015\/07\/4-705x98.jpg 705w, https:\/\/estudioromanelli.es\/wp-content\/uploads\/2015\/07\/4-450x63.jpg 450w\" sizes=\"(max-width: 1434px) 100vw, 1434px\" \/><\/div><\/div><\/div><br \/>\n\n<style type=\"text\/css\" data-created_by=\"avia_inline_auto\" id=\"style-css-av-km6dmw8z-0f099e46aae9230a422e31a3de1d3511\">\n#top .av-special-heading.av-km6dmw8z-0f099e46aae9230a422e31a3de1d3511{\npadding-bottom:10px;\ncolor:#ffffff;\n}\nbody .av-special-heading.av-km6dmw8z-0f099e46aae9230a422e31a3de1d3511 .av-special-heading-tag .heading-char{\nfont-size:25px;\n}\n.av-special-heading.av-km6dmw8z-0f099e46aae9230a422e31a3de1d3511 .special-heading-inner-border{\nborder-color:#ffffff;\n}\n.av-special-heading.av-km6dmw8z-0f099e46aae9230a422e31a3de1d3511 .av-subheading{\nfont-size:15px;\n}\n<\/style>\n<div  id=\"Reformes-de-banys-a-Barcelona\"  class='av-special-heading av-km6dmw8z-0f099e46aae9230a422e31a3de1d3511 av-special-heading-h2 custom-color-heading blockquote modern-quote modern-centered  avia-builder-el-4  el_after_av_image  el_before_av_textblock '><h2 class='av-special-heading-tag '  itemprop=\"headline\"  >REFORMES DE BANYS BARCELONA<\/h2><div class=\"special-heading-border\"><div class=\"special-heading-inner-border\"><\/div><\/div><\/div><br \/>\n<section  class='av_textblock_section av-4ygrs1-0f04655f0addeb3c4d221c2451b80dc5 '   itemscope=\"itemscope\" itemtype=\"https:\/\/schema.org\/CreativeWork\" ><div class='avia_textblock'  itemprop=\"text\" ><p>El nostre cat\u00e0leg inclou una \u00e0mplia gamma de <strong>sanitaris de bany d&#8217;alta qualitat<\/strong>: Plats de dutxa i banyeres, lavabos i inodors, sobretot de les millors marques i sempre d&#8217;alta qualitat.<\/p>\n<p>A m\u00e9s som distribu\u00efdors de les millors<strong> marques de cer\u00e0miques i rajoles<\/strong> per al bany, paviments en general, mosaics, gres, porcel\u00e0nics, rajoles hidr\u00e0ulics i tot tipus revestiments per terra i parets.<\/p>\n<p>Tenim una infinitat d&#8217;opcions pel que fa a <strong>aixetes<\/strong> per a banys. Distribu\u00efm les millors marques d&#8217;aixetes, mampares de dutxa d&#8217;alta qualitat, miralls i llumin\u00e0ria, hidromassatges, radiadors i tot tipus d&#8217;<strong>accessoris per al bany<\/strong>.<\/p>\n<p>A m\u00e9s el nostre <a class=\"enlaces-subrayado-color\" title=\"Estudi interiorisme Barcelona\" href=\"https:\/\/estudioromanelli.es\/caestudi\/\">estudi d&#8217;interiorisme<\/a> es dedica a projectar el bany dels seus somnis al qual se li pot incorporar un ambient SPA amb saunes dom\u00e8stiques, jacuzzi i hammam a mida. Creem estades relaxades i acollidores.<\/p>\n<p>Tamb\u00e9 som especialistes en <a class=\"enlaces-subrayado-color\" title=\"Reformes integrals\" href=\"\/ca\/serveis\/reformes\">reformes integrals<\/a> d&#8217;habitatges, des del projecte inicial, passant per l&#8217;execuci\u00f3 de l&#8217;obra i finalitzant amb el moblat i decoraci\u00f3 final.<\/p>\n<p>Aqu\u00ed sota podeu trobar l&#8217;enlla\u00e7 d&#8217;alguna de les nostres marques:<\/p>\n<\/div><\/section><\/p><\/div>\n<style type=\"text\/css\" data-created_by=\"avia_inline_auto\" id=\"style-css-av-293ji9-21347845292d25150c1493fa3e76e8db\">\n.flex_column.av-293ji9-21347845292d25150c1493fa3e76e8db{\nborder-radius:0px 0px 0px 0px;\npadding:0px 0px 0px 0px;\n}\n<\/style>\n<div  class='flex_column av-293ji9-21347845292d25150c1493fa3e76e8db av_one_full  avia-builder-el-6  el_after_av_one_full  el_before_av_hr  first flex_column_div av-zero-column-padding  column-top-margin'     ><section  class='av_textblock_section av-kjsikh3h-86bd53dbc15660d4888a261de54588fc '   itemscope=\"itemscope\" itemtype=\"https:\/\/schema.org\/CreativeWork\" ><div class='avia_textblock'  itemprop=\"text\" ><h3>MARQUES DE BANYS:<\/h3>\n<hr \/>\n<p><a class=\"enlaces-subrayado-color\" title=\"\" href=\"http:\/\/www.duravit.es\/\" target=\"_blank\" rel=\"nofollow noopener noreferrer\">DURAVIT<\/a> (Aixetes de bany, aixetes de cuina, sanitaris, mobles de bany, saunes)<\/p>\n<p><a class=\"enlaces-subrayado-color\" title=\"\" href=\"http:\/\/www.grohe.com\/\" target=\"_blank\" rel=\"nofollow noopener noreferrer\">GROHE<\/a> (Aixetes de bany, aixetes de cuina, sanitaris, mobles de bany, saunes)<\/p>\n<p><a class=\"enlaces-subrayado-color\" title=\"\" href=\"http:\/\/www.roca.es\/\" target=\"_blank\" rel=\"nofollow noopener noreferrer\">ROCA<\/a> (Aixetes de bany, sanitaris, mobles de bany, spa, cer\u00e0miques, accessoris)<\/p>\n<p><a class=\"enlaces-subrayado-color\" title=\"\" href=\"http:\/\/www.idealstandard.es\/\" target=\"_blank\" rel=\"nofollow noopener noreferrer\">IDEAL STANDARD<\/a> (Aixetes de bany, sanitaris, mobles de bany, spa, cer\u00e0miques, accessoris)<\/p>\n<p><a class=\"enlaces-subrayado-color\" title=\"\" href=\"http:\/\/www.gala.es\/\" target=\"_blank\" rel=\"nofollow noopener noreferrer\">GALA<\/a> (Aixetes de bany, sanitaris, mobles de bany, spa, cer\u00e0miques, accessoris)<\/p>\n<p><a class=\"enlaces-subrayado-color\" title=\"\" href=\"http:\/\/www.antoniolupi.it\/\" target=\"_blank\" rel=\"nofollow noopener noreferrer\">ANTONIO LUPI<\/a> (Banys de luxe, sanitaris, mobles de bany, accessoris, miralls, banyeres pedra)<\/p>\n<p><a class=\"enlaces-subrayado-color\" title=\"\" href=\"http:\/\/www.karol-net.com\/\" target=\"_blank\" rel=\"nofollow noopener noreferrer\">KAROL<\/a> (Banys de luxe, sanitaris, mobles de bany, accessoris)<\/p>\n<p><a class=\"enlaces-subrayado-color\" title=\"\" href=\"http:\/\/inbani.com\/\" target=\"_blank\" rel=\"nofollow noopener noreferrer\">INBANI<\/a> (Mobles de bany, aixetes de bany, accessoris, plats de dutxes, banyeres)<\/p>\n<p><a class=\"enlaces-subrayado-color\" title=\"\" href=\"http:\/\/falper.it\/\" target=\"_blank\" rel=\"nofollow noopener noreferrer\">FALPER<\/a> (Mobles de bany, accessoris, plats de dutxes, banyeres, xemeneies)<\/p>\n<p><a class=\"enlaces-subrayado-color\" title=\"\" href=\"http:\/\/www.catalano.it\/es\/\" target=\"_blank\" rel=\"nofollow noopener noreferrer\">CATALANO<\/a> (Sanitaris, plats de dutxes, banyeres, accessoris)<\/p>\n<p><a class=\"enlaces-subrayado-color\" title=\"\" href=\"http:\/\/www.galassiahispania.com\/\" target=\"_blank\" rel=\"nofollow noopener noreferrer\">GALASSIA<\/a> (Sanitaris, plats de dutxes, accessoris)<\/p>\n<p><a class=\"enlaces-subrayado-color\" title=\"\" href=\"http:\/\/www.ceramicaflaminia.it\/it\" target=\"_blank\" rel=\"nofollow noopener noreferrer\">FLAMINIA<\/a> (Sanitaris, mobles de bany, plats de dutxes, banyeres, accessoris, miralls)<\/p>\n<p><a class=\"enlaces-subrayado-color\" title=\"\" href=\"http:\/\/www.pibamarmi.it\/\" target=\"_blank\" rel=\"nofollow noopener noreferrer\">PIBAMARMI<\/a> (Banys en marbre i pedra)<\/p>\n<p><a class=\"enlaces-subrayado-color\" title=\"\" href=\"http:\/\/www.kaldewei.es\/\" target=\"_blank\" rel=\"nofollow noopener noreferrer\">KALDEWEI<\/a> (Sanitaris, mobles de bany, spa, accessoris)<\/p>\n<p><a class=\"enlaces-subrayado-color\" title=\"\" href=\"http:\/\/www.icosmic.com\/\" target=\"_blank\" rel=\"nofollow noopener noreferrer\">COSMIC<\/a> (Aixetes de bany, sanitaris, mobles de bany, il\u00b7luminaci\u00f3, accessoris)<\/p>\n<p><a class=\"enlaces-subrayado-color\" title=\"\" href=\"http:\/\/www.fiora.es\/\" target=\"_blank\" rel=\"nofollow noopener noreferrer\">FIORA<\/a> (Sanitaris, mobles de bany, spa, accessoris)<\/p>\n<p><a class=\"enlaces-subrayado-color\" title=\"\" href=\"http:\/\/www.runtal.es\/banos\" target=\"_blank\" rel=\"nofollow noopener noreferrer\">RUNTAL<\/a> (Radiadors, accessoris)<\/p>\n<p><a class=\"enlaces-subrayado-color\" title=\"\" href=\"http:\/\/www.tubesradiatori.com\/\" target=\"_blank\" rel=\"nofollow noopener noreferrer\">TUBES<\/a> (Radiadors, accessoris)<\/p>\n<p><a class=\"enlaces-subrayado-color\" title=\"\" href=\"http:\/\/hidrobox.com\/\" target=\"_blank\" rel=\"nofollow noopener noreferrer\">HIDROBOX<\/a>(Mampares de dutxa, aixetes de bany sanitaris, mobles de bany, accessoris)<\/p>\n<p><a class=\"enlaces-subrayado-color\" title=\"\" href=\"http:\/\/www.dornbracht.com\/\" target=\"_blank\" rel=\"nofollow noopener noreferrer\">DORNBRACHT<\/a> (Aixetes de bany, aixetes de cuina, sanitaris, mobles de bany, accessoris)<\/p>\n<p><a class=\"enlaces-subrayado-color\" title=\"\" href=\"http:\/\/www.gessi.it\/\" target=\"_blank\" rel=\"nofollow noopener noreferrer\">GESSI<\/a> (Mobles de bany, aixetes de bany, accessoris, plats de dutxes, banyeres)<\/p>\n<p><a class=\"enlaces-subrayado-color\" title=\"\" href=\"http:\/\/www.fantini.it\/\" target=\"_blank\" rel=\"nofollow noopener noreferrer\">FANTINI<\/a> (Aixetes de bany, aixetes de cuina, accessoris)<\/p>\n<p><a class=\"enlaces-subrayado-color\" title=\"\" href=\"http:\/\/www.ritmonio.it\/\" target=\"_blank\" rel=\"nofollow noopener noreferrer\">RITMONIO<\/a> (Aixetes de bany, aixetes de cuina, accessoris)<\/p>\n<p><a class=\"enlaces-subrayado-color\" title=\"\" href=\"http:\/\/www.vola.com\/Es\/\" target=\"_blank\" rel=\"nofollow noopener noreferrer\">VOLA<\/a> (Aixetes de bany, aixetes de cuina, accessoris)<\/p>\n<p><a class=\"enlaces-subrayado-color\" title=\"\" href=\"http:\/\/www.hansgrohe.es\/\" target=\"_blank\" rel=\"nofollow noopener noreferrer\">HANSGROHE<\/a> (Aixetes de bany, aixetes de cuina, accessoris)<\/p>\n<p><a class=\"enlaces-subrayado-color\" title=\"\" href=\"http:\/\/www.rbandini.it\" target=\"_blank\" rel=\"nofollow noopener noreferrer\">BANDINI<\/a> (Aixetes de bany, aixetes de cuina, accessoris)<\/p>\n<p><a class=\"enlaces-subrayado-color\" title=\"\" href=\"https:\/\/www.zucchettikos.it\/\" target=\"_blank\" rel=\"nofollow noopener noreferrer\">ZUCCHETTIKOS<\/a> (Aixetes de bany, sanitaris, mobles de bany, dutxes, banyeres, accessoris)<\/p>\n<p><a class=\"enlaces-subrayado-color\" title=\"\" href=\"http:\/\/www.effegibi.it\/es\" target=\"_blank\" rel=\"nofollow noopener noreferrer\">EFFEGIBI<\/a> ( Saunes, Hammam)<\/p>\n<\/div><\/section><\/div><\/p>\n\n<style type=\"text\/css\" data-created_by=\"avia_inline_auto\" id=\"style-css-av-k6grro0e-c9bf080046fff45ecb5994b192c0b08b\">\n#top .hr.hr-invisible.av-k6grro0e-c9bf080046fff45ecb5994b192c0b08b{\nheight:45px;\n}\n<\/style>\n<div  class='hr av-k6grro0e-c9bf080046fff45ecb5994b192c0b08b hr-invisible  avia-builder-el-8  el_after_av_one_full  el_before_av_button '><span class='hr-inner '><span class=\"hr-inner-style\"><\/span><\/span><\/div>\n<div  id=\"Reformes-integrals-de-pisos-i-cases-a-Barcelona\"  class='avia-button-wrap av-k7kzi6p6-45da5393c8ea3895534f786ca66b0f44-wrap avia-button-center  avia-builder-el-9  el_after_av_hr  avia-builder-el-last  interiorismo-decoracion-reformas-barcelona'><a href='\/contacto'  class='avia-button av-k7kzi6p6-45da5393c8ea3895534f786ca66b0f44 av-link-btn avia-icon_select-yes-left-icon avia-size-medium avia-position-center avia-color-theme-color'  title=\"Proyectos de reformas integrales en Barcelona Estudio Romanelli\" aria-label=\"Proyectos de reformas integrales en Barcelona Estudio Romanelli\"><span class='avia_button_icon avia_button_icon_left avia-iconfont avia-font-entypo-fontello' data-av_icon='\ue800' data-av_iconfont='entypo-fontello' ><\/span><span class='avia_iconbox_title' >Confi\u00ef en la nostra experi\u00e8ncia! <\/span><\/a><\/div>\n","protected":false},"excerpt":{"rendered":"","protected":false},"author":1,"featured_media":0,"parent":0,"menu_order":0,"comment_status":"closed","ping_status":"closed","template":"","meta":{"footnotes":""},"categories":[],"tags":[],"class_list":["post-4145","page","type-page","status-publish","hentry"],"yoast_head":"<!-- This site is optimized with the Yoast SEO plugin v26.8 - https:\/\/yoast.com\/product\/yoast-seo-wordpress\/ -->\n<title>Reformes i Decoraci\u00f3 de Banys - Estudio Romanelli Estudi Interiorisme Barcelona<\/title>\n<meta name=\"description\" content=\"Estudio Romanelli Estudi de disseny d&#039;interiors a Barcelona \u2b50 Especialistes en reformes de banys a Barcelona \u2b50 Descobreixi com podem ajudar!\" \/>\n<meta name=\"robots\" content=\"index, follow, max-snippet:-1, max-image-preview:large, max-video-preview:-1\" \/>\n<link rel=\"canonical\" href=\"https:\/\/estudioromanelli.es\/ca\/banys\" \/>\n<meta property=\"og:locale\" content=\"ca_ES\" \/>\n<meta property=\"og:type\" content=\"article\" \/>\n<meta property=\"og:title\" content=\"Reformes i Decoraci\u00f3 de Banys - Estudio Romanelli Estudi Interiorisme Barcelona\" \/>\n<meta property=\"og:description\" content=\"Estudio Romanelli Estudi de disseny d&#039;interiors a Barcelona \u2b50 Especialistes en reformes de banys a Barcelona \u2b50 Descobreixi com podem ajudar!\" \/>\n<meta property=\"og:url\" content=\"https:\/\/estudioromanelli.es\/ca\/banys\" \/>\n<meta property=\"og:site_name\" content=\"Estudi d&#039;Interiorisme i Arquitectura a Barcelona\" \/>\n<meta property=\"article:modified_time\" content=\"2021-09-28T08:30:52+00:00\" \/>\n<meta name=\"twitter:card\" content=\"summary_large_image\" \/>\n<meta name=\"twitter:label1\" content=\"Est. reading time\" \/>\n\t<meta name=\"twitter:data1\" content=\"6 minutes\" \/>\n<script type=\"application\/ld+json\" class=\"yoast-schema-graph\">{\"@context\":\"https:\/\/schema.org\",\"@graph\":[{\"@type\":\"WebPage\",\"@id\":\"https:\/\/estudioromanelli.es\/ca\/banys\",\"url\":\"https:\/\/estudioromanelli.es\/ca\/banys\",\"name\":\"Reformes i Decoraci\u00f3 de Banys - Estudio Romanelli Estudi Interiorisme Barcelona\",\"isPartOf\":{\"@id\":\"https:\/\/estudioromanelli.es\/ca#website\"},\"datePublished\":\"2015-09-23T11:56:30+00:00\",\"dateModified\":\"2021-09-28T08:30:52+00:00\",\"description\":\"Estudio Romanelli Estudi de disseny d'interiors a Barcelona \u2b50 Especialistes en reformes de banys a Barcelona \u2b50 Descobreixi com podem ajudar!\",\"breadcrumb\":{\"@id\":\"https:\/\/estudioromanelli.es\/ca\/banys#breadcrumb\"},\"inLanguage\":\"ca-ES\",\"potentialAction\":[{\"@type\":\"ReadAction\",\"target\":[\"https:\/\/estudioromanelli.es\/ca\/banys\"]}]},{\"@type\":\"BreadcrumbList\",\"@id\":\"https:\/\/estudioromanelli.es\/ca\/banys#breadcrumb\",\"itemListElement\":[{\"@type\":\"ListItem\",\"position\":1,\"name\":\"LF24\",\"item\":\"https:\/\/estudioromanelli.es\/ca\/home\"},{\"@type\":\"ListItem\",\"position\":2,\"name\":\"BANYS\"}]},{\"@type\":\"WebSite\",\"@id\":\"https:\/\/estudioromanelli.es\/ca#website\",\"url\":\"https:\/\/estudioromanelli.es\/ca\",\"name\":\"Estudi d&#039;Interiorisme i Arquitectura a Barcelona\",\"description\":\"Estudio Romanelli\",\"potentialAction\":[{\"@type\":\"SearchAction\",\"target\":{\"@type\":\"EntryPoint\",\"urlTemplate\":\"https:\/\/estudioromanelli.es\/ca?s={search_term_string}\"},\"query-input\":{\"@type\":\"PropertyValueSpecification\",\"valueRequired\":true,\"valueName\":\"search_term_string\"}}],\"inLanguage\":\"ca-ES\"}]}<\/script>\n<!-- \/ Yoast SEO plugin. -->","yoast_head_json":{"title":"Reformes i Decoraci\u00f3 de Banys - Estudio Romanelli Estudi Interiorisme Barcelona","description":"Estudio Romanelli Estudi de disseny d'interiors a Barcelona \u2b50 Especialistes en reformes de banys a Barcelona \u2b50 Descobreixi com podem ajudar!","robots":{"index":"index","follow":"follow","max-snippet":"max-snippet:-1","max-image-preview":"max-image-preview:large","max-video-preview":"max-video-preview:-1"},"canonical":"https:\/\/estudioromanelli.es\/ca\/banys","og_locale":"ca_ES","og_type":"article","og_title":"Reformes i Decoraci\u00f3 de Banys - Estudio Romanelli Estudi Interiorisme Barcelona","og_description":"Estudio Romanelli Estudi de disseny d'interiors a Barcelona \u2b50 Especialistes en reformes de banys a Barcelona \u2b50 Descobreixi com podem ajudar!","og_url":"https:\/\/estudioromanelli.es\/ca\/banys","og_site_name":"Estudi d&#039;Interiorisme i Arquitectura a Barcelona","article_modified_time":"2021-09-28T08:30:52+00:00","twitter_card":"summary_large_image","twitter_misc":{"Est. reading time":"6 minutes"},"schema":{"@context":"https:\/\/schema.org","@graph":[{"@type":"WebPage","@id":"https:\/\/estudioromanelli.es\/ca\/banys","url":"https:\/\/estudioromanelli.es\/ca\/banys","name":"Reformes i Decoraci\u00f3 de Banys - Estudio Romanelli Estudi Interiorisme Barcelona","isPartOf":{"@id":"https:\/\/estudioromanelli.es\/ca#website"},"datePublished":"2015-09-23T11:56:30+00:00","dateModified":"2021-09-28T08:30:52+00:00","description":"Estudio Romanelli Estudi de disseny d'interiors a Barcelona \u2b50 Especialistes en reformes de banys a Barcelona \u2b50 Descobreixi com podem ajudar!","breadcrumb":{"@id":"https:\/\/estudioromanelli.es\/ca\/banys#breadcrumb"},"inLanguage":"ca-ES","potentialAction":[{"@type":"ReadAction","target":["https:\/\/estudioromanelli.es\/ca\/banys"]}]},{"@type":"BreadcrumbList","@id":"https:\/\/estudioromanelli.es\/ca\/banys#breadcrumb","itemListElement":[{"@type":"ListItem","position":1,"name":"LF24","item":"https:\/\/estudioromanelli.es\/ca\/home"},{"@type":"ListItem","position":2,"name":"BANYS"}]},{"@type":"WebSite","@id":"https:\/\/estudioromanelli.es\/ca#website","url":"https:\/\/estudioromanelli.es\/ca","name":"Estudi d&#039;Interiorisme i Arquitectura a Barcelona","description":"Estudio Romanelli","potentialAction":[{"@type":"SearchAction","target":{"@type":"EntryPoint","urlTemplate":"https:\/\/estudioromanelli.es\/ca?s={search_term_string}"},"query-input":{"@type":"PropertyValueSpecification","valueRequired":true,"valueName":"search_term_string"}}],"inLanguage":"ca-ES"}]}},"_links":{"self":[{"href":"https:\/\/estudioromanelli.es\/ca\/wp-json\/wp\/v2\/pages\/4145","targetHints":{"allow":["GET"]}}],"collection":[{"href":"https:\/\/estudioromanelli.es\/ca\/wp-json\/wp\/v2\/pages"}],"about":[{"href":"https:\/\/estudioromanelli.es\/ca\/wp-json\/wp\/v2\/types\/page"}],"author":[{"embeddable":true,"href":"https:\/\/estudioromanelli.es\/ca\/wp-json\/wp\/v2\/users\/1"}],"replies":[{"embeddable":true,"href":"https:\/\/estudioromanelli.es\/ca\/wp-json\/wp\/v2\/comments?post=4145"}],"version-history":[{"count":0,"href":"https:\/\/estudioromanelli.es\/ca\/wp-json\/wp\/v2\/pages\/4145\/revisions"}],"wp:attachment":[{"href":"https:\/\/estudioromanelli.es\/ca\/wp-json\/wp\/v2\/media?parent=4145"}],"wp:term":[{"taxonomy":"category","embeddable":true,"href":"https:\/\/estudioromanelli.es\/ca\/wp-json\/wp\/v2\/categories?post=4145"},{"taxonomy":"post_tag","embeddable":true,"href":"https:\/\/estudioromanelli.es\/ca\/wp-json\/wp\/v2\/tags?post=4145"}],"curies":[{"name":"wp","href":"https:\/\/api.w.org\/{rel}","templated":true}]}}